{"id":2389,"date":"2025-09-06T17:44:44","date_gmt":"2025-09-06T14:44:44","guid":{"rendered":"https:\/\/www.edituraunmb.ro\/?post_type=product&#038;p=2389"},"modified":"2026-03-05T20:15:19","modified_gmt":"2026-03-05T17:15:19","slug":"genurile-de-trio-si-cvartet-instrumental-in-romania-intre-1950-2020","status":"publish","type":"product","link":"https:\/\/www.edituraunmb.ro\/?product=genurile-de-trio-si-cvartet-instrumental-in-romania-intre-1950-2020","title":{"rendered":"Genurile de trio \u0219i cvartet instrumental \u00een Rom\u00e2nia \u00eentre 1950-2020"},"content":{"rendered":"<h6>\u00cen 2021, odat\u0103 cu proiectul-pilot Romanian Archive of the Musical Avantgarde, a \u00eenceput un amplu proces de identificare \u0219i arhivare a muzicii rom\u00e2ne\u0219ti de dup\u0103 1950. Dup\u0103 \u201edefri\u0219\u0103ri\u201d succesive ale crea\u021biei concertante (Romanian Archive of Concertos, 2022) \u0219i simfonice (Romanian Archive of Symphonic Music, 2023), anul acesta a fost ini\u021biat\u0103 reconstituirea unei alte dimensiuni a muzicii autohtone, cea cameral\u0103, prin proiectul Arhiva rom\u00e2n\u0103 a muzicii camerale instrumentale pentru ansambluri de trio \u0219i cvartet (Romanian Archive of Instrumental Chamber Music I).<\/h6>\n<h6>Cele nou\u0103 studii reunite \u00een volumul de fa\u021b\u0103 \u2013 parte din acest ultim proiect \u2013 reflect\u0103 tot at\u00e2tea viziuni \u0219i chei de lectur\u0103 ale autorilor asupra unor concep\u021bii \u0219i opusuri camerale de referin\u021b\u0103, apar\u021bin\u00e2nd genurilor de trio \u0219i cvartet.<\/h6>\n<h6><strong>Florinela Popa<\/strong><\/h6>\n","protected":false},"excerpt":{"rendered":"<p>Edi\u021bie \u00eengrijit\u0103 de Florinela Popa <a href=\"https:\/\/www.edituraunmb.ro\/?product=genurile-de-trio-si-cvartet-instrumental-in-romania-intre-1950-2020\" style=\"padding-left:10px;\">Mai multe detalii<\/a><\/p>\n","protected":false},"featured_media":2391,"comment_status":"closed","ping_status":"closed","template":"","meta":{"_acf_changed":false},"product_brand":[],"product_cat":[1004],"product_tag":[707,835,89,760,712],"class_list":{"0":"post-2389","1":"product","2":"type-product","3":"status-publish","4":"has-post-thumbnail","6":"product_cat-1004","7":"product_tag-analiza-muzicala","8":"product_tag-muzica-contemporana","9":"product_tag-muzica-de-camera","10":"product_tag-muzica-moderna","11":"product_tag-muzicologie","12":"p_author-ana-diaconu","13":"p_author-andrei-petrache","14":"p_author-dan-dediu","15":"p_author-diana-rotaru","16":"p_author-gabriela-bejan","17":"p_author-george-ioan-pais","18":"p_author-ioana-bigu","19":"p_author-oana-andreica","20":"p_author-vlad-ghinea","21":"t_lucrare-carte","23":"first","24":"instock","25":"shipping-taxable","26":"product-type-simple"},"acf":[],"_links":{"self":[{"href":"https:\/\/www.edituraunmb.ro\/index.php?rest_route=\/wp\/v2\/product\/2389","targetHints":{"allow":["GET"]}}],"collection":[{"href":"https:\/\/www.edituraunmb.ro\/index.php?rest_route=\/wp\/v2\/product"}],"about":[{"href":"https:\/\/www.edituraunmb.ro\/index.php?rest_route=\/wp\/v2\/types\/product"}],"replies":[{"embeddable":true,"href":"https:\/\/www.edituraunmb.ro\/index.php?rest_route=%2Fwp%2Fv2%2Fcomments&post=2389"}],"wp:featuredmedia":[{"embeddable":true,"href":"https:\/\/www.edituraunmb.ro\/index.php?rest_route=\/wp\/v2\/media\/2391"}],"wp:attachment":[{"href":"https:\/\/www.edituraunmb.ro\/index.php?rest_route=%2Fwp%2Fv2%2Fmedia&parent=2389"}],"wp:term":[{"taxonomy":"product_brand","embeddable":true,"href":"https:\/\/www.edituraunmb.ro\/index.php?rest_route=%2Fwp%2Fv2%2Fproduct_brand&post=2389"},{"taxonomy":"product_cat","embeddable":true,"href":"https:\/\/www.edituraunmb.ro\/index.php?rest_route=%2Fwp%2Fv2%2Fproduct_cat&post=2389"},{"taxonomy":"product_tag","embeddable":true,"href":"https:\/\/www.edituraunmb.ro\/index.php?rest_route=%2Fwp%2Fv2%2Fproduct_tag&post=2389"}],"curies":[{"name":"wp","href":"https:\/\/api.w.org\/{rel}","templated":true}]}}